{"id":3865,"date":"2022-06-01T16:57:34","date_gmt":"2022-06-01T14:57:34","guid":{"rendered":"https:\/\/www.fronton.be\/hurry\/"},"modified":"2022-07-22T14:03:22","modified_gmt":"2022-07-22T12:03:22","slug":"press","status":"publish","type":"page","link":"https:\/\/www.fronton.be\/en\/press\/","title":{"rendered":"PRESS"},"content":{"rendered":"\t\t<div data-elementor-type=\"wp-page\" data-elementor-id=\"3865\" class=\"elementor elementor-3865 elementor-1732\" data-elementor-post-type=\"page\">\n\t\t\t\t\t\t<section class=\"elementor-section elementor-top-section elementor-element elementor-element-5e500a5 elementor-section-stretched elementor-section-height-min-height elementor-section-items-top elementor-section-boxed elementor-section-height-default\" data-id=\"5e500a5\" data-element_type=\"section\" data-settings=\"{&quot;stretch_section&quot;:&quot;section-stretched&quot;}\">\n\t\t\t\t\t\t<div class=\"elementor-container elementor-column-gap-default\">\n\t\t\t\t\t<div class=\"elementor-column elementor-col-100 elementor-top-column elementor-element elementor-element-51b3ab4\" data-id=\"51b3ab4\" data-element_type=\"column\">\n\t\t\t<div class=\"elementor-widget-wrap elementor-element-populated\">\n\t\t\t\t\t\t<div class=\"elementor-element elementor-element-a87b274 elementor-widget elementor-widget-tp-blog-listout\" data-id=\"a87b274\" data-element_type=\"widget\" data-widget_type=\"tp-blog-listout.default\">\n\t\t\t\t\t<div id=\"pt-plus-blog-post-list\" class=\"blog-list post69f18da45cc22  list-isotope  blog-style-1 hover-image-style-1   \"  data-layout-type=\"fitRows\"   data-id=\"post69f18da45cc22\" data-style=\"style-1\"   dir= data-enable-isotope=\"1\" filter-type = \"normal\"><div id=\"post69f18da45cc22\" class=\"tp-row post-inner-loop post69f18da45cc22    tp-listing-preloader\" data-extparam= '{\"loading-opt\":\"skeleton\",\"URL-para\":\"\"}'   data-wooAttr= '\"cTg1WHA0S1QzYmYwUWxJYUtyLzBHaVdodVlSdEpTbWk3QldiNzZHTnludVZuV2FtQ2d3STFxUm9tZlBzOXo4ekdBR1NraFhJWDRZNjRQU1dPcTZVTXZpeUtMeEdkbFJjUDhObWUwNjFabTA3TEZrbVp1MnBvdWNLNXVyek94ZVVVRWsxYmFUazhXamVXREpZVnp4MWI5MHF0ZVFIMmtSTVA1OFJMWlczdTd3YTlhcHZ3b2M2MGIreTBGdnBDUzFmREZJZmRxSGJoZW5XSWVnNzhkUXFRS0Y4a0lTNDZwOVJpWnVmZlZCMHdXbGxlRWZrZEljU29BWUR3eWYxTktJZHowM1lqdklnV205VmM4aXd1QlU4MS9tRGh3V0lyMlcrbjR4akxCM1lTbGlOQzNtUnd0Y2l0UldvQXFvVFpobEZSSGF4V2dzNkRQd2VLdEYzNGJiNGxjc0lHMkVTbEN6VWRqUFllSFNNWlBhNWN5cVNlTGR2U2FkMXFXcmlFVzBzSWdnS01XeHJvRm1NTEdCdzJZZnk0MHlMdnRCWFQvcEwrZE9TVC9kRWd6eXpXQU5VWml4RVJ0ck1sQ0I3QW9XUXV4TzJVTWlPMzlXYUtDN0pzWXYxU0JaanJUUTJmQkZJaVcwcHZoTWF4MVpDWEMrV2xLUkJUTzVmVGhvWS94ck1Bd0h4TUJFdEIzNDVDVEwrWUdINTU3Ti84Ny95STl4UklzK1dYb2tRNVBJZlVPajRNMUtWai96OVNFOVc0OG51ZGYrUFFETEJaTVJDeXRFSFhyekJNVmwxUXFzelgxOWs5T2RPdDBDSU9vejRvV3lmUlQ1Z1VzS2NGU0NKYi9tWjVvaFcyRWl2c2YwanE5TElzRC90NUdQUUkrVml3RTduUGxXNUEwd3V2M3h1eFJ2ajNxWEJUY3lBdVVEVS9HNXZFam45M0NpZlpnSXVtRnNMMjZpQzBQOUZHdWdOaTVCVW5aS2tCaDhHN21aYU5qQjlZeWNDOFlZcWY4ekdicnRQV3BFeE9PeFdISE50OHYwSmFEUU9sRyt1Q1FZU1ZaMlJ1aWpmRGJlUlJuQTdWd0g1cDJkREJJZXh1UXYzTTJreXJOT3RZaDZIdWUxR200NHFNK0VBUm1jeE1wM3BmNjlseTQvY1RYUnAyVTFqc2NZUG1KUmxXQjZ4c2VqbmxmMzl5cEZiQTFGeTNGd1F4bktvTXp2ODIzV1FsZktZMnhROEFPaFhMWC93S3QraXcvMk9wZWNkOFhGclJYVkExWWUxamUvQjNpMThvQXFWV1BSWElQV0paS2FrVEJtc25yYWRFTWZuUU03cTM1NTQxeWU5UUo0N0tPWHVWMlk5NExBNW5WSnN3VGRqZ2daNDExTDFhT3hwTW9heGQ3ZE10TFBIbHdWMGdja3Q5OFZrREpJLzI1VnFxT0svNGFvaE8zcGFZWFpIbklXMVYyNVIxbTZiVWh6RkpnNm0yUTR2UDlnWXpWZlRuV2lxTXZsVTY5V1FKYmMzd3E5dnJvRGJkM1BMZStaRkh2MHhhMTNFS1pnTWFxRTV1RWNnTXhvRjIrNlk3c21zeWVGVHVjSWRQSFVSV1JiRFJmZFd4a04zN0duRVN6ZkU5WnlwNkRYRW94eW51aXhpRkpGakRhdUF5UmtrcGdPc0RQZ0lXbjY4QkRDNUU5VloyY0ZZM1lrOXBUVDFoeS82dnlDcnErS2RiQVhTUWdkR1FOblN4d0RWVDFkd1ZVV2I1ZGtjem1DUHhmY25nMVRkOVRucXl2ckpXckJuWnViN0twQWcvV0lIVmV4QW5rUXBaRW8vaE9JVHc1MjhHK2ZWaWphajltNHl0cjVsQWNSRTBXMlFadm1rWjVQTWJkUHE3djJYN2doYjBJaFB3MnpUU2VFS2dRRnBSUWxhQmRrcG5ud0p6a3pMdkVkbmhvUTltb2tDNXhxUU10cXFqcXdXSk5uc1ZhKzVlUHB3WnlTL08vMktRWHRIN2ZzeWNmNm92My9aeDUxeFVVN2xUUklmbzNnTGhYeTdIK1hQRWxYUTRmQ1lXZkdYcEcweHZrUGFjbXpLRk9iYWd0U3h4TkovTk4ydHBPZHpzNmZyOE1QMGZsVC82VzM0RWxNRFd3UUlMZFRMVHJ6bVFJM0pON3lMd0E9PQ==\"' ><div class=\"grid-item metro-item  tp-col-lg-6 tp-col-md-6 tp-col-sm-12 tp-col-12  \"><article id=\"post-27826\" class=\"post-27826 post type-post status-publish format-standard has-post-thumbnail hentry category-press-article\">\n\t<div class=\"blog-list-content\">\n\t\t\t\t<div class=\"post-content-image\">\n\t\t\t<a href=\"https:\/\/www.fronton.be\/en\/ad-spain-2025-09\/\">\n\t\t\t\t\t<div class=\"blog-featured-image  tp-cst-img-full img\">\n\t<span class=\"thumb-wrap\">\n\t\t<img fetchpriority=\"high\" decoding=\"async\" width=\"936\" height=\"1255\" src=\"https:\/\/www.fronton.be\/wp-content\/uploads\/2025\/09\/ad-spain.jpg\" class=\"attachment-full size-full\" alt=\"ad spain\" srcset=\"https:\/\/www.fronton.be\/wp-content\/uploads\/2025\/09\/ad-spain.jpg 936w, https:\/\/www.fronton.be\/wp-content\/uploads\/2025\/09\/ad-spain-224x300.jpg 224w, https:\/\/www.fronton.be\/wp-content\/uploads\/2025\/09\/ad-spain-764x1024.jpg 764w, https:\/\/www.fronton.be\/wp-content\/uploads\/2025\/09\/ad-spain-768x1030.jpg 768w\" sizes=\"(max-width: 936px) 100vw, 936px\" \/>\t<\/span>\n\t<\/div>\n\t\t\t<\/a>\t\t\t\n\t\t<\/div>\n\t\t\t\t<div class=\"post-content-bottom\">\n\t\t\t\t\t\t<h2 class=\"post-title\">\n\t<a href=\"https:\/\/www.fronton.be\/en\/ad-spain-2025-09\/\" class=\"normal\">AD SPAIN 2025 09<\/a>\n<\/h2>\n\t\t\t<div class=\"post-hover-content\">\n\t\t\t\t\t\t\t<\/div>\n\t\t<\/div>\n\t\t\t<\/div>\n<\/article>\n<\/div><div class=\"grid-item metro-item  tp-col-lg-6 tp-col-md-6 tp-col-sm-12 tp-col-12  \"><article id=\"post-27816\" class=\"post-27816 post type-post status-publish format-standard has-post-thumbnail hentry category-press-article\">\n\t<div class=\"blog-list-content\">\n\t\t\t\t<div class=\"post-content-image\">\n\t\t\t<a href=\"https:\/\/www.fronton.be\/en\/bruxelles-moderniste\/\">\n\t\t\t\t\t<div class=\"blog-featured-image  tp-cst-img-full img\">\n\t<span class=\"thumb-wrap\">\n\t\t<img decoding=\"async\" width=\"696\" height=\"907\" src=\"https:\/\/www.fronton.be\/wp-content\/uploads\/2025\/09\/Couverture.jpg\" class=\"attachment-full size-full\" alt=\"couverture\" srcset=\"https:\/\/www.fronton.be\/wp-content\/uploads\/2025\/09\/Couverture.jpg 696w, https:\/\/www.fronton.be\/wp-content\/uploads\/2025\/09\/Couverture-230x300.jpg 230w\" sizes=\"(max-width: 696px) 100vw, 696px\" \/>\t<\/span>\n\t<\/div>\n\t\t\t<\/a>\t\t\t\n\t\t<\/div>\n\t\t\t\t<div class=\"post-content-bottom\">\n\t\t\t\t\t\t<h2 class=\"post-title\">\n\t<a href=\"https:\/\/www.fronton.be\/en\/bruxelles-moderniste\/\" class=\"normal\">Bruxelles Moderniste<\/a>\n<\/h2>\n\t\t\t<div class=\"post-hover-content\">\n\t\t\t\t<div class=\"entry-content\">\n\t<p>Promenades autour de 100 \u00e9difices remarquables\u00a0 Jacinthe Gigou \u00a0\u00a0 \u00a0\u00a0 \u00a0\u00a0 \u00a0\u00a0 \u00a0\u00a0 \u00a0https:\/\/www.racine.be\/fr\/bruxelles-moderniste<\/p>\n<\/div>\n\t\t\t<\/div>\n\t\t<\/div>\n\t\t\t<\/div>\n<\/article>\n<\/div><div class=\"grid-item metro-item  tp-col-lg-6 tp-col-md-6 tp-col-sm-12 tp-col-12  \"><article id=\"post-27810\" class=\"post-27810 post type-post status-publish format-standard has-post-thumbnail hentry category-press-article\">\n\t<div class=\"blog-list-content\">\n\t\t\t\t<div class=\"post-content-image\">\n\t\t\t<a href=\"https:\/\/www.fronton.be\/en\/homes-for-modernists\/\">\n\t\t\t\t\t<div class=\"blog-featured-image  tp-cst-img-full img\">\n\t<span class=\"thumb-wrap\">\n\t\t<img decoding=\"async\" width=\"848\" height=\"1200\" src=\"https:\/\/www.fronton.be\/wp-content\/uploads\/2025\/09\/LHDK-livre00-HOMES-FOR-MODERNISTS_1.jpg\" class=\"attachment-full size-full\" alt=\"lhdk livre00 homes for modernists 1\" srcset=\"https:\/\/www.fronton.be\/wp-content\/uploads\/2025\/09\/LHDK-livre00-HOMES-FOR-MODERNISTS_1.jpg 848w, https:\/\/www.fronton.be\/wp-content\/uploads\/2025\/09\/LHDK-livre00-HOMES-FOR-MODERNISTS_1-212x300.jpg 212w, https:\/\/www.fronton.be\/wp-content\/uploads\/2025\/09\/LHDK-livre00-HOMES-FOR-MODERNISTS_1-724x1024.jpg 724w, https:\/\/www.fronton.be\/wp-content\/uploads\/2025\/09\/LHDK-livre00-HOMES-FOR-MODERNISTS_1-768x1087.jpg 768w\" sizes=\"(max-width: 848px) 100vw, 848px\" \/>\t<\/span>\n\t<\/div>\n\t\t\t<\/a>\t\t\t\n\t\t<\/div>\n\t\t\t\t<div class=\"post-content-bottom\">\n\t\t\t\t\t\t<h2 class=\"post-title\">\n\t<a href=\"https:\/\/www.fronton.be\/en\/homes-for-modernists\/\" class=\"normal\">Homes for Modernists<\/a>\n<\/h2>\n\t\t\t<div class=\"post-hover-content\">\n\t\t\t\t<div class=\"entry-content\">\n\t<p>Thijs Demeulemeester Jan Verlinde\u00a0 \u00a0 \u00a0 \u00a0 https:\/\/www.racine.be\/fr\/homes-modernists<\/p>\n<\/div>\n\t\t\t<\/div>\n\t\t<\/div>\n\t\t\t<\/div>\n<\/article>\n<\/div><div class=\"grid-item metro-item  tp-col-lg-6 tp-col-md-6 tp-col-sm-12 tp-col-12  \"><article id=\"post-27807\" class=\"post-27807 post type-post status-publish format-standard has-post-thumbnail hentry category-press-article\">\n\t<div class=\"blog-list-content\">\n\t\t\t\t<div class=\"post-content-image\">\n\t\t\t<a href=\"https:\/\/www.fronton.be\/en\/parcours-moderne\/\">\n\t\t\t\t\t<div class=\"blog-featured-image  tp-cst-img-full img\">\n\t<span class=\"thumb-wrap\">\n\t\t<img loading=\"lazy\" decoding=\"async\" width=\"582\" height=\"726\" src=\"https:\/\/www.fronton.be\/wp-content\/uploads\/2025\/09\/parcours-moderne.jpg\" class=\"attachment-full size-full\" alt=\"parcours moderne\" srcset=\"https:\/\/www.fronton.be\/wp-content\/uploads\/2025\/09\/parcours-moderne.jpg 582w, https:\/\/www.fronton.be\/wp-content\/uploads\/2025\/09\/parcours-moderne-240x300.jpg 240w\" sizes=\"(max-width: 582px) 100vw, 582px\" \/>\t<\/span>\n\t<\/div>\n\t\t\t<\/a>\t\t\t\n\t\t<\/div>\n\t\t\t\t<div class=\"post-content-bottom\">\n\t\t\t\t\t\t<h2 class=\"post-title\">\n\t<a href=\"https:\/\/www.fronton.be\/en\/parcours-moderne\/\" class=\"normal\">PARCOURS MODERNE<\/a>\n<\/h2>\n\t\t\t<div class=\"post-hover-content\">\n\t\t\t\t<div class=\"entry-content\">\n\t<p>REPORTAGE: JACINTHE GIGOU PHOTO: NICOLAS SCHIMP<\/p>\n<\/div>\n\t\t\t<\/div>\n\t\t<\/div>\n\t\t\t<\/div>\n<\/article>\n<\/div><div class=\"grid-item metro-item  tp-col-lg-6 tp-col-md-6 tp-col-sm-12 tp-col-12  \"><article id=\"post-17101\" class=\"post-17101 post type-post status-publish format-standard has-post-thumbnail hentry category-press-article\">\n\t<div class=\"blog-list-content\">\n\t\t\t\t<div class=\"post-content-image\">\n\t\t\t<a href=\"https:\/\/www.fronton.be\/en\/ideat-a-knokke-bonnet-vacances\/\">\n\t\t\t\t\t<div class=\"blog-featured-image  tp-cst-img-full img\">\n\t<span class=\"thumb-wrap\">\n\t\t<img loading=\"lazy\" decoding=\"async\" width=\"629\" height=\"811\" src=\"https:\/\/www.fronton.be\/wp-content\/uploads\/2023\/12\/IDEAT-202304.jpg\" class=\"attachment-full size-full\" alt=\"\" srcset=\"https:\/\/www.fronton.be\/wp-content\/uploads\/2023\/12\/IDEAT-202304.jpg 629w, https:\/\/www.fronton.be\/wp-content\/uploads\/2023\/12\/IDEAT-202304-233x300.jpg 233w\" sizes=\"(max-width: 629px) 100vw, 629px\" \/>\t<\/span>\n\t<\/div>\n\t\t\t<\/a>\t\t\t\n\t\t<\/div>\n\t\t\t\t<div class=\"post-content-bottom\">\n\t\t\t\t\t\t<h2 class=\"post-title\">\n\t<a href=\"https:\/\/www.fronton.be\/en\/ideat-a-knokke-bonnet-vacances\/\" class=\"normal\">IDEAT &#8211; \u00c0 Knokke Bonnet Vacances !<\/a>\n<\/h2>\n\t\t\t<div class=\"post-hover-content\">\n\t\t\t\t<div class=\"entry-content\">\n\t<p>Reportage Thijs Demeulemeester \/ Photos Jan Verlinde pour IDEAT\u00a0 &#8211; Publi\u00e9 dans IDEAT Benelux N\u00b01 avril-mai 2023<\/p>\n<\/div>\n\t\t\t<\/div>\n\t\t<\/div>\n\t\t\t<\/div>\n<\/article>\n<\/div><div class=\"grid-item metro-item  tp-col-lg-6 tp-col-md-6 tp-col-sm-12 tp-col-12  \"><article id=\"post-5063\" class=\"post-5063 post type-post status-publish format-standard has-post-thumbnail hentry category-press-article\">\n\t<div class=\"blog-list-content\">\n\t\t\t\t<div class=\"post-content-image\">\n\t\t\t<a href=\"https:\/\/www.fronton.be\/en\/louis-herman-de-koninck-le-paquebot\/\">\n\t\t\t\t\t<div class=\"blog-featured-image  tp-cst-img-full img\">\n\t<span class=\"thumb-wrap\">\n\t\t<img loading=\"lazy\" decoding=\"async\" width=\"815\" height=\"815\" src=\"https:\/\/www.fronton.be\/wp-content\/uploads\/2022\/07\/villa-paquebot-e1656936347337.jpg\" class=\"attachment-full size-full\" alt=\"villa paquebot\" \/>\t<\/span>\n\t<\/div>\n\t\t\t<\/a>\t\t\t\n\t\t<\/div>\n\t\t\t\t<div class=\"post-content-bottom\">\n\t\t\t\t\t\t<h2 class=\"post-title\">\n\t<a href=\"https:\/\/www.fronton.be\/en\/louis-herman-de-koninck-le-paquebot\/\" class=\"normal\">LOUIS-HERMAN DE KONINCK \u2013 LE PAQUEBOT<\/a>\n<\/h2>\n\t\t\t<div class=\"post-hover-content\">\n\t\t\t\t\t\t\t<\/div>\n\t\t<\/div>\n\t\t\t<\/div>\n<\/article>\n<\/div><div class=\"grid-item metro-item  tp-col-lg-6 tp-col-md-6 tp-col-sm-12 tp-col-12  \"><article id=\"post-3804\" class=\"post-3804 post type-post status-publish format-standard has-post-thumbnail hentry category-press-article\">\n\t<div class=\"blog-list-content\">\n\t\t\t\t<div class=\"post-content-image\">\n\t\t\t<a href=\"https:\/\/www.fronton.be\/en\/bousval-blue-ideas\/\">\n\t\t\t\t\t<div class=\"blog-featured-image  tp-cst-img-full img\">\n\t<span class=\"thumb-wrap\">\n\t\t<img loading=\"lazy\" decoding=\"async\" width=\"652\" height=\"652\" src=\"https:\/\/www.fronton.be\/wp-content\/uploads\/2022\/02\/presse-ideesbleu.jpg\" class=\"attachment-full size-full\" alt=\"\" srcset=\"https:\/\/www.fronton.be\/wp-content\/uploads\/2022\/02\/presse-ideesbleu.jpg 652w, https:\/\/www.fronton.be\/wp-content\/uploads\/2022\/02\/presse-ideesbleu-300x300.jpg 300w, https:\/\/www.fronton.be\/wp-content\/uploads\/2022\/02\/presse-ideesbleu-150x150.jpg 150w\" sizes=\"(max-width: 652px) 100vw, 652px\" \/>\t<\/span>\n\t<\/div>\n\t\t\t<\/a>\t\t\t\n\t\t<\/div>\n\t\t\t\t<div class=\"post-content-bottom\">\n\t\t\t\t\t\t<h2 class=\"post-title\">\n\t<a href=\"https:\/\/www.fronton.be\/en\/bousval-blue-ideas\/\" class=\"normal\">BOUSVAL &#8211; ID\u00c9ES BLEUES<\/a>\n<\/h2>\n\t\t\t<div class=\"post-hover-content\">\n\t\t\t\t\t\t\t<\/div>\n\t\t<\/div>\n\t\t\t<\/div>\n<\/article>\n<\/div><div class=\"grid-item metro-item  tp-col-lg-6 tp-col-md-6 tp-col-sm-12 tp-col-12  \"><article id=\"post-3803\" class=\"post-3803 post type-post status-publish format-standard has-post-thumbnail hentry category-press-article\">\n\t<div class=\"blog-list-content\">\n\t\t\t\t<div class=\"post-content-image\">\n\t\t\t<a href=\"https:\/\/www.fronton.be\/en\/villa-berteaux-louis-herman-de-koninck-juliette-victor\/\">\n\t\t\t\t\t<div class=\"blog-featured-image  tp-cst-img-full img\">\n\t<span class=\"thumb-wrap\">\n\t\t<img loading=\"lazy\" decoding=\"async\" width=\"635\" height=\"635\" src=\"https:\/\/www.fronton.be\/wp-content\/uploads\/2022\/02\/julietteetvictor2.jpg\" class=\"attachment-full size-full\" alt=\"\" srcset=\"https:\/\/www.fronton.be\/wp-content\/uploads\/2022\/02\/julietteetvictor2.jpg 635w, https:\/\/www.fronton.be\/wp-content\/uploads\/2022\/02\/julietteetvictor2-300x300.jpg 300w, https:\/\/www.fronton.be\/wp-content\/uploads\/2022\/02\/julietteetvictor2-150x150.jpg 150w\" sizes=\"(max-width: 635px) 100vw, 635px\" \/>\t<\/span>\n\t<\/div>\n\t\t\t<\/a>\t\t\t\n\t\t<\/div>\n\t\t\t\t<div class=\"post-content-bottom\">\n\t\t\t\t\t\t<h2 class=\"post-title\">\n\t<a href=\"https:\/\/www.fronton.be\/en\/villa-berteaux-louis-herman-de-koninck-juliette-victor\/\" class=\"normal\">VILLA BERTEAUX &#8211; LOUIS-HERMAN DE KONINCK &#8211; JULIETTE &#038; VICTOR<\/a>\n<\/h2>\n\t\t\t<div class=\"post-hover-content\">\n\t\t\t\t\t\t\t<\/div>\n\t\t<\/div>\n\t\t\t<\/div>\n<\/article>\n<\/div><div class=\"grid-item metro-item  tp-col-lg-6 tp-col-md-6 tp-col-sm-12 tp-col-12  \"><article id=\"post-3802\" class=\"post-3802 post type-post status-publish format-standard has-post-thumbnail hentry category-press-article\">\n\t<div class=\"blog-list-content\">\n\t\t\t\t<div class=\"post-content-image\">\n\t\t\t<a href=\"https:\/\/www.fronton.be\/en\/bousval-the-real-estate-event\/\">\n\t\t\t\t\t<div class=\"blog-featured-image  tp-cst-img-full img\">\n\t<span class=\"thumb-wrap\">\n\t\t<img loading=\"lazy\" decoding=\"async\" width=\"657\" height=\"657\" src=\"https:\/\/www.fronton.be\/wp-content\/uploads\/2022\/02\/levenementimmobilier1.jpg\" class=\"attachment-full size-full\" alt=\"\" srcset=\"https:\/\/www.fronton.be\/wp-content\/uploads\/2022\/02\/levenementimmobilier1.jpg 657w, https:\/\/www.fronton.be\/wp-content\/uploads\/2022\/02\/levenementimmobilier1-300x300.jpg 300w, https:\/\/www.fronton.be\/wp-content\/uploads\/2022\/02\/levenementimmobilier1-150x150.jpg 150w\" sizes=\"(max-width: 657px) 100vw, 657px\" \/>\t<\/span>\n\t<\/div>\n\t\t\t<\/a>\t\t\t\n\t\t<\/div>\n\t\t\t\t<div class=\"post-content-bottom\">\n\t\t\t\t\t\t<h2 class=\"post-title\">\n\t<a href=\"https:\/\/www.fronton.be\/en\/bousval-the-real-estate-event\/\" class=\"normal\">BOUSVAL &#8211; L&#8217;\u00c9V\u00c9NEMENT IMMOBILIER<\/a>\n<\/h2>\n\t\t\t<div class=\"post-hover-content\">\n\t\t\t\t\t\t\t<\/div>\n\t\t<\/div>\n\t\t\t<\/div>\n<\/article>\n<\/div><div class=\"grid-item metro-item  tp-col-lg-6 tp-col-md-6 tp-col-sm-12 tp-col-12  \"><article id=\"post-3801\" class=\"post-3801 post type-post status-publish format-standard has-post-thumbnail hentry category-press-article\">\n\t<div class=\"blog-list-content\">\n\t\t\t\t<div class=\"post-content-image\">\n\t\t\t<a href=\"https:\/\/www.fronton.be\/en\/villa-bertaux-modernist-revival\/\">\n\t\t\t\t\t<div class=\"blog-featured-image  tp-cst-img-full img\">\n\t<span class=\"thumb-wrap\">\n\t\t<img loading=\"lazy\" decoding=\"async\" width=\"815\" height=\"815\" src=\"https:\/\/www.fronton.be\/wp-content\/uploads\/2022\/02\/presse-modernist.jpg\" class=\"attachment-full size-full\" alt=\"\" srcset=\"https:\/\/www.fronton.be\/wp-content\/uploads\/2022\/02\/presse-modernist.jpg 815w, https:\/\/www.fronton.be\/wp-content\/uploads\/2022\/02\/presse-modernist-300x300.jpg 300w, https:\/\/www.fronton.be\/wp-content\/uploads\/2022\/02\/presse-modernist-150x150.jpg 150w, https:\/\/www.fronton.be\/wp-content\/uploads\/2022\/02\/presse-modernist-768x768.jpg 768w, https:\/\/www.fronton.be\/wp-content\/uploads\/2022\/02\/presse-modernist-700x700.jpg 700w\" sizes=\"(max-width: 815px) 100vw, 815px\" \/>\t<\/span>\n\t<\/div>\n\t\t\t<\/a>\t\t\t\n\t\t<\/div>\n\t\t\t\t<div class=\"post-content-bottom\">\n\t\t\t\t\t\t<h2 class=\"post-title\">\n\t<a href=\"https:\/\/www.fronton.be\/en\/villa-bertaux-modernist-revival\/\" class=\"normal\">VILLA BERTAUX &#8211; MODERNIST REVIVAL<\/a>\n<\/h2>\n\t\t\t<div class=\"post-hover-content\">\n\t\t\t\t\t\t\t<\/div>\n\t\t<\/div>\n\t\t\t<\/div>\n<\/article>\n<\/div><\/div><\/div>\t\t\t\t<\/div>\n\t\t\t\t\t<\/div>\n\t\t<\/div>\n\t\t\t\t\t<\/div>\n\t\t<\/section>\n\t\t\t\t<\/div>\n\t\t","protected":false},"excerpt":{"rendered":"<p>LOUIS-HERMAN DE KONINCK \u2013 LE PAQUEBOT VILLA BERTAUX &#8211; MODERNIST REVIVAL BOUSVAL &#8211; L&rsquo;\u00c9V\u00c9NEMENT IMMOBILIER VILLA BERTEAUX &#8211; LOUIS-HERMAN DE KONINCK &#8211; JULIETTE &#038; VICTOR BOUSVAL &#8211; ID\u00c9ES BLEUES<\/p>\n","protected":false},"author":1,"featured_media":0,"parent":0,"menu_order":370,"comment_status":"closed","ping_status":"closed","template":"","meta":{"_seopress_robots_primary_cat":"","_seopress_titles_title":"","_seopress_titles_desc":"","_seopress_robots_index":"","footnotes":"","_links_to":"","_links_to_target":""},"class_list":["post-3865","page","type-page","status-publish","hentry"],"_links":{"self":[{"href":"https:\/\/www.fronton.be\/en\/wp-json\/wp\/v2\/pages\/3865","targetHints":{"allow":["GET"]}}],"collection":[{"href":"https:\/\/www.fronton.be\/en\/wp-json\/wp\/v2\/pages"}],"about":[{"href":"https:\/\/www.fronton.be\/en\/wp-json\/wp\/v2\/types\/page"}],"author":[{"embeddable":true,"href":"https:\/\/www.fronton.be\/en\/wp-json\/wp\/v2\/users\/1"}],"replies":[{"embeddable":true,"href":"https:\/\/www.fronton.be\/en\/wp-json\/wp\/v2\/comments?post=3865"}],"version-history":[{"count":6,"href":"https:\/\/www.fronton.be\/en\/wp-json\/wp\/v2\/pages\/3865\/revisions"}],"predecessor-version":[{"id":5050,"href":"https:\/\/www.fronton.be\/en\/wp-json\/wp\/v2\/pages\/3865\/revisions\/5050"}],"wp:attachment":[{"href":"https:\/\/www.fronton.be\/en\/wp-json\/wp\/v2\/media?parent=3865"}],"curies":[{"name":"wp","href":"https:\/\/api.w.org\/{rel}","templated":true}]}}